{"version":"1.0","provider_name":"Saulkrastu novada bibliot\u0113ka","provider_url":"https:\/\/saulkrastubiblioteka.lv","author_name":"admin","author_url":"https:\/\/saulkrastubiblioteka.lv\/index.php\/author\/info_xjq16vdi\/","title":"2. apr\u012blis \u2013 Starptautisk\u0101 b\u0113rnu gr\u0101matu diena - Saulkrastu novada bibliot\u0113ka","type":"rich","width":600,"height":338,"html":"<blockquote class=\"wp-embedded-content\" data-secret=\"Gr8PuUvjgJ\"><a href=\"https:\/\/saulkrastubiblioteka.lv\/index.php\/2022\/04\/01\/2-aprilis-starptautiska-bernu-gramatu-diena\/\">2. apr\u012blis \u2013 Starptautisk\u0101 b\u0113rnu gr\u0101matu diena<\/a><\/blockquote><iframe sandbox=\"allow-scripts\" security=\"restricted\" src=\"https:\/\/saulkrastubiblioteka.lv\/index.php\/2022\/04\/01\/2-aprilis-starptautiska-bernu-gramatu-diena\/embed\/#?secret=Gr8PuUvjgJ\" width=\"600\" height=\"338\" title=\"&#8220;2. apr\u012blis \u2013 Starptautisk\u0101 b\u0113rnu gr\u0101matu diena&#8221; &#8212; Saulkrastu novada bibliot\u0113ka\" data-secret=\"Gr8PuUvjgJ\" frameborder=\"0\" marginwidth=\"0\" marginheight=\"0\" scrolling=\"no\" class=\"wp-embedded-content\"><\/iframe><script>\n\/*! This file is auto-generated *\/\n!function(d,l){\"use strict\";l.querySelector&&d.addEventListener&&\"undefined\"!=typeof URL&&(d.wp=d.wp||{},d.wp.receiveEmbedMessage||(d.wp.receiveEmbedMessage=function(e){var t=e.data;if((t||t.secret||t.message||t.value)&&!\/[^a-zA-Z0-9]\/.test(t.secret)){for(var s,r,n,a=l.querySelectorAll('iframe[data-secret=\"'+t.secret+'\"]'),o=l.querySelectorAll('blockquote[data-secret=\"'+t.secret+'\"]'),c=new RegExp(\"^https?:$\",\"i\"),i=0;i<o.length;i++)o[i].style.display=\"none\";for(i=0;i<a.length;i++)s=a[i],e.source===s.contentWindow&&(s.removeAttribute(\"style\"),\"height\"===t.message?(1e3<(r=parseInt(t.value,10))?r=1e3:~~r<200&&(r=200),s.height=r):\"link\"===t.message&&(r=new URL(s.getAttribute(\"src\")),n=new URL(t.value),c.test(n.protocol))&&n.host===r.host&&l.activeElement===s&&(d.top.location.href=t.value))}},d.addEventListener(\"message\",d.wp.receiveEmbedMessage,!1),l.addEventListener(\"DOMContentLoaded\",function(){for(var e,t,s=l.querySelectorAll(\"iframe.wp-embedded-content\"),r=0;r<s.length;r++)(t=(e=s[r]).getAttribute(\"data-secret\"))||(t=Math.random().toString(36).substring(2,12),e.src+=\"#?secret=\"+t,e.setAttribute(\"data-secret\",t)),e.contentWindow.postMessage({message:\"ready\",secret:t},\"*\")},!1)))}(window,document);\n<\/script>\n","description":"2. apr\u012bl\u012b, pasaku meistara Hansa Kristiana Andersena dzim\u0161anas dien\u0101, \u0161ogad jau 55. reizi atz\u012bm\u0113sim Starptautisko b\u0113rnu gr\u0101matu dienu. 1967. gad\u0101 trad\u012bciju aizs\u0101ka Starptautisk\u0101 B\u0113rnu un jaunatnes literat\u016bras padome (International Board on Books for Young People,&nbsp;IBBY), un ik gadu no 80 dal\u012bbvalst\u012bm tiek izv\u0113l\u0113ta viena valsts, kurai uztic sagatavot v\u0113st\u012bjumu pasaules b\u0113rniem. Paz\u012bstams b\u0113rnu rakstnieks sagatavo &hellip; Turpin\u0101t las\u012bt \"\""}